{"id":8446,"date":"2019-05-18T03:25:10","date_gmt":"2019-05-18T03:25:10","guid":{"rendered":"http:\/\/ninzio.com\/bauer\/?page_id=8446"},"modified":"2026-03-04T20:44:52","modified_gmt":"2026-03-04T20:44:52","slug":"director-de-futbol-profesional","status":"publish","type":"page","link":"https:\/\/amilcarivanovic.es\/","title":{"rendered":"amilcarivanovic.es"},"content":{"rendered":"<div class=\"wpb-content-wrapper\"><p>[vc_row el_class=&#8221;has-scroll-arrow&#8221;][vc_column]\n\t\t\t\t<p class=\"rs-p-wp-fix\"><\/p>\n\t\t\t\t<sr7-module data-alias=\"slider-9\" data-id=\"2\" id=\"SR7_2_1\" class=\"rs-ov-hidden\" data-version=\"6.7.34\">\n\t\t\t\t\t<sr7-adjuster><\/sr7-adjuster>\n\t\t\t\t\t<sr7-content>\n\t\t\t\t\t\t<sr7-slide id=\"SR7_2_1-3\" data-key=\"3\">\n\t\t\t\t\t\t\t<sr7-bg id=\"SR7_2_1-3-34\" class=\"sr7-layer\"><noscript><img decoding=\"async\" src=\"https:\/\/amilcarivanovic.es\/wp-content\/uploads\/2025\/10\/fondo-1920.png\" alt=\"\" title=\"fondo 1920\"><\/noscript><\/sr7-bg>\n\t\t\t\t\t\t\t<sr7-txt id=\"SR7_2_1-3-8\" class=\"sr7-layer\">Convertite en un profesional preparado <\/br>para el alto rendimiento<\/sr7-txt>\n\t\t\t\t\t\t\t<sr7-txt id=\"SR7_2_1-3-24\" class=\"sr7-layer\">Con Metodolog\u00eda<br>  <span class=\"font-weight-600\"> Profesional<span class=\"font-weight-600\">.<\/span><\/span><\/sr7-txt>\n\t\t\t\t\t\t\t<sr7-txt id=\"SR7_2_1-3-30\" class=\"sr7-layer\"><a class=\"bauer-button medium rounded-30 accent\" href=\"#contactar\" style=\"padding: 11px 54px;\"><span>Contactar<\/span><\/a><\/sr7-txt>\n\t\t\t\t\t\t\t<sr7-txt id=\"SR7_2_1-3-32\" class=\"sr7-layer\"><div class=\"button-wrap icon-left has-icon\" style=\"\"><a href=\"#nosotros\" target=\"_self\" class=\"bauer-button medium rounded-30 accent\" style=\"border-radius:30px;border-width:2px;\" data-background=\"\" data-border=\"#1b1b1b\" data-text=\"#1b1b1b\" data-text-hover=\"#ffffff\" data-background-hover=\"#1b1b1b\" data-border-hover=\"#1b1b1b\" data-icon-hover=\"#ffffff\" data-icon=\"#1b1b1b\">\n\t\t<span style=\"padding-left:27px;\">Ver m\u00e1s <span class=\"icon\" style=\"font-size:20px;top:0px\"><i class=\"basicui-play-button\"><\/i><\/span><\/span>\n\t<\/a><\/div><\/sr7-txt>\n\t\t\t\t\t\t\t<sr7-txt id=\"SR7_2_1-3-33\" class=\"sr7-layer\">CENTRO DE FORMACI\u00d3N DE JUGADORES Y ENTRENADORES<\/sr7-txt>\n\t\t\t\t\t\t<\/sr7-slide>\n\t\t\t\t\t\t<sr7-slide id=\"SR7_2_1-6\" data-key=\"6\">\n\t\t\t\t\t\t<\/sr7-slide>\n\t\t\t\t\t<\/sr7-content>\n\t\t\t\t\t<image_lists style=\"display:none\">\n\t\t\t\t\t\t<img data-src=\"\/\/amilcarivanovic.es\/wp-content\/uploads\/2025\/10\/fondo-1920.png\" data-libid=\"9262\" data-lib=\"medialibrary\" title=\"fondo 1920\" width=\"0\" height=\"0\" data-dbsrc=\"Ly9hbWlsY2FyaXZhbm92aWMuZXMvd3AtY29udGVudC91cGxvYWRzLzIwMjUvMTAvZm9uZG8tMTkyMC5wbmc=\"\/>\n\t\t\t\t\t<\/image_lists>\n\t\t\t\t<\/sr7-module>\n\t\t\t\t<script>\n\t\t\t\t\tSR7.PMH ??={}; SR7.PMH[\"SR7_2_1\"] = {cn:100,state:false,fn: function() { if (_tpt!==undefined && _tpt.prepareModuleHeight !== undefined) {  _tpt.prepareModuleHeight({id:\"SR7_2_1\",el:[1140,1140,920,920,820],type:'standard',shdw:'0',gh:[1140,1140,920,920,820],gw:[1170,1170,1024,778,480],vpt:['-100px&#039;,&#039;-100px&#039;,&#039;-100px&#039;,&#039;-100px&#039;,&#039;-100px'],size:{fullWidth:true, fullHeight:false},mh:'0',onh:0,onw:0,bg:{color:'{\"type\":\"solid\",\"orig\":\"#ededed\",\"string\":\"rgba(237, 237, 237, 1)\"}'}});   SR7.PMH[\"SR7_2_1\"].state=true;} else if(SR7.PMH[\"SR7_2_1\"].cn-->0)\tsetTimeout( SR7.PMH[\"SR7_2_1\"].fn,19);}};SR7.PMH[\"SR7_2_1\" ].fn();\n\t\t\t\t<\/script>\n[\/vc_column][\/vc_row][vc_row el_class=&#8221;has-scroll-arrow&#8221;][vc_column width=&#8221;1\/3&#8243;]<div class=\"bauer-content-box clearfix \" data-padding=\"\" data-mobipadding=\"\" data-margin=\"-220px 0px 0px 0px\" data-mobimargin=\"-150px 0px 0px 0px\" >\r\n\t\t<div class=\"inner ctb-1925228973\" style=\"\"  data-background=\"#ffffff\" data-rounded=\"5px\" data-shadow=\" 2px 0px 20px 0px rgba(3,15,39,0.07)\">\r\n\t\t\t<div class=\"bauer-image-box clearfix style-1 text-center\" style=\"\" >\r\n        <div class=\"item\">\r\n            <div class=\"inner\">\r\n                <div class=\"thumb\" style=\"\"><img decoding=\"async\" width=\"849\" height=\"588\" src=\"https:\/\/amilcarivanovic.es\/wp-content\/uploads\/2025\/10\/unnamed-13.jpg\" class=\"attachment-full size-full\" alt=\"\" srcset=\"https:\/\/amilcarivanovic.es\/wp-content\/uploads\/2025\/10\/unnamed-13.jpg 849w, https:\/\/amilcarivanovic.es\/wp-content\/uploads\/2025\/10\/unnamed-13-300x208.jpg 300w, https:\/\/amilcarivanovic.es\/wp-content\/uploads\/2025\/10\/unnamed-13-768x532.jpg 768w, https:\/\/amilcarivanovic.es\/wp-content\/uploads\/2025\/10\/unnamed-13-640x443.jpg 640w, https:\/\/amilcarivanovic.es\/wp-content\/uploads\/2025\/10\/unnamed-13-480x332.jpg 480w, https:\/\/amilcarivanovic.es\/wp-content\/uploads\/2025\/10\/unnamed-13-550x381.jpg 550w\" sizes=\"(max-width: 849px) 100vw, 849px\" \/> <\/div>\r\n                <div class=\"text-wrap \" style=\" padding:43px 30px 43px 30px;\">\r\n                    <h3 class=\"title\" style=\"font-size:22px;color:#1b1b1b;margin-bottom:15px;\">\r\n            Un poco de Historia\r\n        <\/h3>  <div class=\"url-wrap\">\r\n            <a href=\"#historia\" target=\"_self\" class=\"bauer-links link-style-1\" style=\"color:#7a7c7f;\">\r\n                <span class=\"text\">Ver m\u00e1s<\/span>\r\n            <\/a>\r\n        <\/div>\r\n                <\/div>\r\n                \r\n            <\/div>\r\n        <\/div>\r\n    <\/div>\r\n\t\t<\/div>\r\n\t<\/div>\r\n\t<div class=\"bauer-spacer clearfix\" data-desktop=\"0\" data-mobi=\"230\" data-smobi=\"230\"><\/div>[\/vc_column][vc_column width=&#8221;1\/3&#8243;]<div class=\"bauer-content-box clearfix \" data-padding=\"\" data-mobipadding=\"\" data-margin=\"-220px 0px 0px 0px\" data-mobimargin=\"-150px 0px 0px 0px\" >\r\n\t\t<div class=\"inner ctb-1233397913\" style=\"\"  data-background=\"#ffffff\" data-rounded=\"5px\" data-shadow=\" 2px 0px 20px 0px rgba(3,15,39,0.07)\">\r\n\t\t\t<div class=\"bauer-image-box clearfix style-1 text-center\" style=\"\" >\r\n        <div class=\"item\">\r\n            <div class=\"inner\">\r\n                <div class=\"thumb\" style=\"\"><img decoding=\"async\" width=\"895\" height=\"552\" src=\"https:\/\/amilcarivanovic.es\/wp-content\/uploads\/2025\/10\/unnamed-2.jpg\" class=\"attachment-full size-full\" alt=\"\" srcset=\"https:\/\/amilcarivanovic.es\/wp-content\/uploads\/2025\/10\/unnamed-2.jpg 895w, https:\/\/amilcarivanovic.es\/wp-content\/uploads\/2025\/10\/unnamed-2-300x185.jpg 300w, https:\/\/amilcarivanovic.es\/wp-content\/uploads\/2025\/10\/unnamed-2-768x474.jpg 768w, https:\/\/amilcarivanovic.es\/wp-content\/uploads\/2025\/10\/unnamed-2-870x537.jpg 870w, https:\/\/amilcarivanovic.es\/wp-content\/uploads\/2025\/10\/unnamed-2-640x395.jpg 640w, https:\/\/amilcarivanovic.es\/wp-content\/uploads\/2025\/10\/unnamed-2-480x296.jpg 480w, https:\/\/amilcarivanovic.es\/wp-content\/uploads\/2025\/10\/unnamed-2-550x339.jpg 550w\" sizes=\"(max-width: 895px) 100vw, 895px\" \/> <\/div>\r\n                <div class=\"text-wrap \" style=\" padding:43px 30px 43px 30px;\">\r\n                    <h3 class=\"title\" style=\"font-size:22px;color:#1b1b1b;margin-bottom:15px;\">\r\n            Experiencia\r\n        <\/h3>  <div class=\"url-wrap\">\r\n            <a href=\"#trayectoria\" target=\"_self\" class=\"bauer-links link-style-1\" style=\"color:#7a7c7f;\">\r\n                <span class=\"text\">Ver m\u00e1s<\/span>\r\n            <\/a>\r\n        <\/div>\r\n                <\/div>\r\n                \r\n            <\/div>\r\n        <\/div>\r\n    <\/div>\r\n\t\t<\/div>\r\n\t<\/div>\r\n\t<div class=\"bauer-spacer clearfix\" data-desktop=\"0\" data-mobi=\"230\" data-smobi=\"230\"><\/div>[\/vc_column][vc_column width=&#8221;1\/3&#8243;]<div class=\"bauer-content-box clearfix \" data-padding=\"\" data-mobipadding=\"\" data-margin=\"-220px 0px 0px 0px\" data-mobimargin=\"-150px 0px 0px 0px\" >\r\n\t\t<div class=\"inner ctb-834944023\" style=\"\"  data-background=\"#ffffff\" data-rounded=\"5px\" data-shadow=\" 2px 0px 20px 0px rgba(3,15,39,0.07)\">\r\n\t\t\t<div class=\"bauer-image-box clearfix style-1 text-center\" style=\"\" >\r\n        <div class=\"item\">\r\n            <div class=\"inner\">\r\n                <div class=\"thumb\" style=\"\"><img decoding=\"async\" width=\"1911\" height=\"810\" src=\"https:\/\/amilcarivanovic.es\/wp-content\/uploads\/2025\/10\/FONDO.jpg\" class=\"attachment-full size-full\" alt=\"\" srcset=\"https:\/\/amilcarivanovic.es\/wp-content\/uploads\/2025\/10\/FONDO.jpg 1911w, https:\/\/amilcarivanovic.es\/wp-content\/uploads\/2025\/10\/FONDO-300x127.jpg 300w, https:\/\/amilcarivanovic.es\/wp-content\/uploads\/2025\/10\/FONDO-1024x434.jpg 1024w, https:\/\/amilcarivanovic.es\/wp-content\/uploads\/2025\/10\/FONDO-768x326.jpg 768w, https:\/\/amilcarivanovic.es\/wp-content\/uploads\/2025\/10\/FONDO-1536x651.jpg 1536w, https:\/\/amilcarivanovic.es\/wp-content\/uploads\/2025\/10\/FONDO-870x369.jpg 870w, https:\/\/amilcarivanovic.es\/wp-content\/uploads\/2025\/10\/FONDO-640x271.jpg 640w, https:\/\/amilcarivanovic.es\/wp-content\/uploads\/2025\/10\/FONDO-480x203.jpg 480w, https:\/\/amilcarivanovic.es\/wp-content\/uploads\/2025\/10\/FONDO-550x233.jpg 550w\" sizes=\"(max-width: 1911px) 100vw, 1911px\" \/> <\/div>\r\n                <div class=\"text-wrap \" style=\" padding:43px 30px 43px 30px;\">\r\n                    <h3 class=\"title\" style=\"font-size:22px;color:#1b1b1b;margin-bottom:15px;\">\r\n            Trayectoria\r\n        <\/h3>  <div class=\"url-wrap\">\r\n            <a href=\"#historia\" target=\"_self\" class=\"bauer-links link-style-1\" style=\"color:#7a7c7f;\">\r\n                <span class=\"text\">Ver m\u00e1s<\/span>\r\n            <\/a>\r\n        <\/div>\r\n                <\/div>\r\n                \r\n            <\/div>\r\n        <\/div>\r\n    <\/div>\r\n\t\t<\/div>\r\n\t<\/div>[\/vc_column][\/vc_row][vc_row css=&#8221;.vc_custom_1759547963155{background-image: url(http:\/\/ninzio.com\/bauer\/wp-content\/uploads\/2019\/05\/inter-bg-1.png?id=8935) !important;background-position: center !important;background-repeat: no-repeat !important;background-size: cover !important;}&#8221; el_id=&#8221;nosotros&#8221;][vc_column]\r\n\t<div class=\"bauer-spacer clearfix\" data-desktop=\"94\" data-mobi=\"60\" data-smobi=\"60\"><\/div>[vc_row_inner column_inner_spacing=&#8221;65&#8243;][vc_column_inner width=&#8221;1\/2&#8243;]<div class=\"bauer-single-heading clearfix \" style=\"margin-bottom:25px;\"><span class=\"inner\"><span class=\"heading clearfix \" style=\"font-weight:600;color:#3F1017;font-size:16px;\">\r\n\t\tSOBRE Nosotros\r\n\t<\/span><\/span><\/div><h2 class=\"bauer-text clearfix \" style=\"font-size:42px;line-height:50px;margin-bottom:32px;\"><p><span>Somos un grupo de Profesionales del F\u00fatbol, con recorrido profesional en la Liga Argentina y Espa\u00f1ola.\u00a0<\/span><\/p>\n<\/h2><div class=\"bauer-icon-box clearfix icon-left2 align-left  simple\" style=\"\" ><div class=\"wrap-inner\" style=\"position: relative;\"><div class=\"bauer-icon icon-2029127167 accent custom\"  data-background=\"\">\r\n\t\t\t\t<span class=\"icon\" style=\"font-size:20px;width:28px;height:28px;border-style:solid;line-height:32px;\"><i class=\"elegant-icon_check_alt\"><\/i><\/span>\r\n\t\t\t<\/div> <h3 class=\"heading \" style=\"margin-left:34px;font-weight:400;color:#414042;font-size:18px;line-height:28px;margin-bottom:10px;\">\r\n\t\t\t<span>Nuestro Director es Am\u00edlcar Ivanovic<\/span>\r\n\t\t<\/h3><div class=\"desc\" style=\"font-size:14px;line-height:24px;\"><p><span>\u00a0Quien jug\u00f3 profesionalmente en 1\u00ba divisi\u00f3n A de\u00a0 Argentina con nuestros padrinos (<\/span><strong>Ricardo Gareca y Gerardo Martino<\/strong><span>) debajo detallados colaborando con ambos durante el desarrollo de sus respectivas carreras<\/span><\/p>\n<\/div> <\/div><\/div>\r\n\t<div class=\"bauer-spacer clearfix\" data-desktop=\"34\" data-mobi=\"30\" data-smobi=\"30\"><\/div><div class=\"bauer-icon-box clearfix icon-left2 align-left  simple\" style=\"\" ><div class=\"wrap-inner\" style=\"position: relative;\"><div class=\"bauer-icon icon-790237466 accent custom\"  data-background=\"\">\r\n\t\t\t\t<span class=\"icon\" style=\"font-size:20px;width:28px;height:28px;border-style:solid;line-height:32px;\"><i class=\"elegant-icon_check_alt\"><\/i><\/span>\r\n\t\t\t<\/div> <h3 class=\"heading \" style=\"margin-left:34px;font-weight:400;color:#414042;font-size:18px;line-height:28px;margin-bottom:10px;\">\r\n\t\t\t<span>Formaci\u00f3n Metodol\u00f3gica como Entrenador<\/span>\r\n\t\t<\/h3><div class=\"desc\" style=\"font-size:14px;line-height:24px;\"><p class=\"zfr3Q CDt4Ke \" dir=\"ltr\"><span><span class=\"C9DxTc \">A la experiencia en 1\u00ba Divisi\u00f3n le\u00a0<em>agregamos una formaci\u00f3n metodol\u00f3gica como Entrenador<\/em>\u00a0aprendida en Espa\u00f1a complementando las ra\u00edces forjadas en el f\u00fatbol argentino.<\/span><\/span><\/p>\n<p class=\"zfr3Q CDt4Ke \" dir=\"ltr\"><span class=\"C9DxTc \">Esta mezcla de la \u201c<\/span><span class=\"C9DxTc \">competitividad del jugador argentino<\/span><span class=\"C9DxTc \">\u201d y la\u00a0 \u201c<\/span><span class=\"C9DxTc \">formaci\u00f3n metodol\u00f3gica espa\u00f1ola<\/span><span class=\"C9DxTc \">\u201d\u00a0 con \u201c<\/span><span class=\"C9DxTc \">experiencia profesional\u00a0 en el alto rendimiento<\/span><span class=\"C9DxTc \">\u00a0<\/span><span class=\"C9DxTc \">\u201d nos posiciona como referentes en el \u00e1rea de capacitaci\u00f3n y formaci\u00f3n de<\/span><span class=\"C9DxTc \">\u00a0Jugadores<\/span><span class=\"C9DxTc \">\u00a0y\u00a0<\/span><span class=\"C9DxTc \">Entrenadores<\/span><span class=\"C9DxTc \">\u00a0en la Comunidad Valenciana\u00a0 y Espa\u00f1a.<\/span><\/p>\n<\/div> <\/div><\/div>\r\n\t<div class=\"bauer-spacer clearfix\" data-desktop=\"34\" data-mobi=\"30\" data-smobi=\"30\"><\/div><div class=\"bauer-icon-box clearfix icon-left2 align-left  simple\" style=\"\" ><div class=\"wrap-inner\" style=\"position: relative;\"><div class=\"bauer-icon icon-1409815296 accent custom\"  data-background=\"\">\r\n\t\t\t\t<span class=\"icon\" style=\"font-size:20px;width:28px;height:28px;border-style:solid;line-height:32px;\"><i class=\"elegant-icon_check_alt\"><\/i><\/span>\r\n\t\t\t<\/div> <h3 class=\"heading \" style=\"margin-left:34px;font-weight:400;color:#414042;font-size:18px;line-height:28px;margin-bottom:10px;\">\r\n\t\t\t<span>Nuestros Padrinos<\/span>\r\n\t\t<\/h3><div class=\"desc\" style=\"font-size:14px;line-height:24px;\"><p><span>Agradecemos los mensajes de nuestros padrinos :\u00a0<\/span><strong>Ricardo Gareca<\/strong><span>\u00a0(Selecci\u00f3n Chilena de F\u00fatbol) y\u00a0<\/span><strong>Gerardo Martino<\/strong><span>\u00a0(Inter de Miami)<\/span><\/p>\n<\/div> <\/div><\/div>\r\n\t<div class=\"bauer-spacer clearfix\" data-desktop=\"34\" data-mobi=\"30\" data-smobi=\"30\"><\/div><div class=\"button-wrap icon-right\" style=\"\" ><a href=\"#historia\" target=\"_self\" class=\"bauer-button btn-747687409 medium no_icon custom\" style=\"border-radius:30px;\"  data-background=\"#3F1017\" data-text=\"#ffffff\" data-text-hover=\"#ffffff\" data-background-hover=\"#030f27\" data-border-hover=\"#030f27\">\r\n\t\t<span style=\"\">Ver m\u00e1s <\/span>\r\n\t<\/a><\/div>\r\n\t<div class=\"bauer-spacer clearfix\" data-desktop=\"0\" data-mobi=\"45\" data-smobi=\"45\"><\/div>[\/vc_column_inner][vc_column_inner width=&#8221;1\/2&#8243;]<div class=\"bauer-simple-image text-center\" style=\"border-radius:30px;overflow:hidden;\" >\r\n\t\t\t<img decoding=\"async\" alt=\"image\" src=\"https:\/\/amilcarivanovic.es\/wp-content\/uploads\/2025\/10\/unnamed-9.jpg\" \/> <div class=\"bauer-video-icon clearfix white big\" style=\"top:30%;left:38%;transform:translate(-50%,-50%);\"><a class=\"icon-wrap popup-video\" href=\"https:\/\/www.youtube.com\/watch?v=1N9IrsoTMI8\">play<span class=\"circle\"><\/span><\/a><\/div>\r\n\t\t<\/div><div class=\"bauer-simple-image text-center\" style=\"border-radius:30px;overflow:hidden;\" >\r\n\t\t\t<img decoding=\"async\" alt=\"image\" src=\"https:\/\/amilcarivanovic.es\/wp-content\/uploads\/2025\/10\/unnamed-5.jpg\" \/> <div class=\"bauer-video-icon clearfix white big\" style=\"top:80%;left:38%;transform:translate(-50%,-50%);\"><a class=\"icon-wrap popup-video\" href=\"https:\/\/youtube.com\/shorts\/3FdhJCGdga0?feature=share\">play<span class=\"circle\"><\/span><\/a><\/div>\r\n\t\t<\/div>[\/vc_column_inner][\/vc_row_inner]\r\n\t<div class=\"bauer-spacer clearfix\" data-desktop=\"100\" data-mobi=\"60\" data-smobi=\"60\"><\/div>[\/vc_column][\/vc_row][vc_row css=&#8221;.vc_custom_1759533837774{background-image: url(http:\/\/amilcarivanovic.es\/wp-content\/uploads\/2025\/10\/banner-scaled.png?id=9318) !important;background-position: center !important;background-repeat: no-repeat !important;background-size: cover !important;}&#8221;][vc_column]\r\n\t<div class=\"bauer-spacer clearfix\" data-desktop=\"100\" data-mobi=\"60\" data-smobi=\"60\"><\/div><div class=\"bauer-grid-box clearfix grid4 border-dark v-30 h-15 no-border-wrap\" data-grid=\"4\" >\r\n\t\t<div class=\"bauer-counter clearfix style-2 \" ><div class=\"inner\"><div class=\"left-wrap\" style=\"width:43%\"><div class=\"icon \" style=\"font-size:50px; line-height: normal;line-height:40px;color:#FFFFFF;margin-right:20px;\"><i class=\"entypo-icon entypo-icon-check\"><\/i><\/div><\/div><div class=\"right-wrap\" style=\"width:57%\"><h3 class=\"number-wrap\" style=\"color:#ffffff;font-weight:400;font-size:42px;\"><span class=\"prefix \" style=\"\"><\/span><span class=\"number \" data-speed=\"5000\" data-from=\"0\" data-to=\"138\"> 138<\/span><span class=\"suffix \" style=\"\"><\/span><\/h3><\/div><\/div><h5 class=\"heading\" style=\"color:#ffffff;font-size:18px;margin-top:10px;\">\r\n\t\tPartidos Disputados\r\n\t<\/h5><\/div><div class=\"bauer-counter clearfix style-2 \" ><div class=\"inner\"><div class=\"left-wrap\" style=\"width:43%\"><div class=\"icon \" style=\"font-size:50px; line-height: normal;line-height:40px;color:#FFFFFF;margin-right:20px;\"><i class=\"typcn typcn-flash-outline\"><\/i><\/div><\/div><div class=\"right-wrap\" style=\"width:57%\"><h3 class=\"number-wrap\" style=\"color:#ffffff;font-weight:400;font-size:42px;\"><span class=\"prefix \" style=\"\"><\/span><span class=\"number \" data-speed=\"5000\" data-from=\"0\" data-to=\"200\"> 200<\/span><span class=\"suffix \" style=\"\"><\/span><\/h3><\/div><\/div><h5 class=\"heading\" style=\"color:#ffffff;font-size:18px;margin-top:10px;\">\r\n\t\tAsistencias Concretadas\r\n\t<\/h5><\/div><div class=\"bauer-counter clearfix style-2 \" ><div class=\"inner\"><div class=\"left-wrap\" style=\"width:43%\"><div class=\"icon \" style=\"font-size:50px; line-height: normal;line-height:40px;color:#FFFFFF;margin-right:20px;\"><i class=\"typcn typcn-user-outline\"><\/i><\/div><\/div><div class=\"right-wrap\" style=\"width:57%\"><h3 class=\"number-wrap\" style=\"color:#ffffff;font-weight:400;font-size:42px;\"><span class=\"prefix \" style=\"\"><\/span><span class=\"number \" data-speed=\"5000\" data-from=\"0\" data-to=\"140\"> 140<\/span><span class=\"suffix \" style=\"color:#ffffff;\">+<\/span><\/h3><\/div><\/div><h5 class=\"heading\" style=\"color:#ffffff;font-size:18px;margin-top:10px;\">\r\n\t\tJugadores Dirigidos\r\n\t<\/h5><\/div><div class=\"bauer-counter clearfix style-2 \" ><div class=\"inner\"><div class=\"left-wrap\" style=\"width:43%\"><div class=\"icon \" style=\"font-size:50px; line-height: normal;line-height:40px;color:#FFFFFF;margin-right:20px;\"><i class=\"typcn typcn-time\"><\/i><\/div><\/div><div class=\"right-wrap\" style=\"width:57%\"><h3 class=\"number-wrap\" style=\"color:#ffffff;font-weight:400;font-size:42px;\"><span class=\"prefix \" style=\"\"><\/span><span class=\"number \" data-speed=\"5000\" data-from=\"0\" data-to=\"25\"> 25<\/span><span class=\"suffix \" style=\"color:#ffffff;\">+<\/span><\/h3><\/div><\/div><h5 class=\"heading\" style=\"color:#ffffff;font-size:18px;margin-top:10px;\">\r\n\t\tA\u00f1os de Experiencia DT\r\n\t<\/h5><\/div>\n\r\n\t<\/div>\r\n\t<div class=\"bauer-spacer clearfix\" data-desktop=\"100\" data-mobi=\"60\" data-smobi=\"60\"><\/div>[\/vc_column][\/vc_row][vc_row fullwidth=&#8221;yes&#8221; css=&#8221;.vc_custom_1759547833936{background-color: #f7f9fa !important;}&#8221; el_id=&#8221;historia&#8221;][vc_column]\r\n\t<div class=\"bauer-spacer clearfix\" data-desktop=\"94\" data-mobi=\"60\" data-smobi=\"60\"><\/div><div class=\"bauer-single-heading clearfix text-center\" style=\"margin-bottom:24px;\"><span class=\"inner\"><span class=\"heading clearfix \" style=\"font-weight:600;color:#F35C27;font-size:16px;\">\r\n\t\tSOBRE M\u00cd\r\n\t<\/span><\/span><\/div><h2 class=\"bauer-text clearfix text-center\" style=\"font-size:42px;line-height:50px;margin-bottom:30px;max-width:680px;margin-left: auto; margin-right: auto;\"><p><span> <\/span><span><strong>Am\u00edlcar Milco Ivanovic<\/strong><\/span><\/p>\n<\/h2><div class=\"bauer-text clearfix text-center\" style=\"font-size:18px;line-height:30px;color:#777777;max-width:720px;margin-left: auto; margin-right: auto;\"><p dir=\"ltr\" class=\"CDt4Ke zfr3Q\">Nac\u00ed y crec\u00ed en San Isidro, un pueblo de Buenos Aires, Argentina. Fui muy feliz en la infancia al lado de mi madre que me ense\u00f1\u00f3 con mucho amor los valores importantes de la vida y mi padre que supo incondicionalmente acompa\u00f1arme siempre de cerca forjando en m\u00ed una personalidad que hoy valoro. Mi padre es un ejemplo de lucha y estrategia. Mi madre me dej\u00f3 la espiritualidad como forma de vida.<\/p>\n<p dir=\"ltr\" class=\"CDt4Ke zfr3Q\">Tuve una conexi\u00f3n muy s\u00f3lida con mi hermano dentro del campo de juego. Me proteg\u00eda en forma incondicional y de la manera que fuese necesaria. Era rec\u00edproco. All\u00ed, en el campo, fue donde mejor nos entend\u00edmos.<\/p>\n<p dir=\"ltr\" class=\"CDt4Ke zfr3Q\"><span><strong>A los tres estar\u00e9 eternamente agradecido. Fueron y ser\u00e1n mi familia, aunque ya no pueda disfrutarlos.<\/strong><\/span><\/p>\n<\/div>\r\n\t<div class=\"bauer-spacer clearfix\" data-desktop=\"70\" data-mobi=\"50\" data-smobi=\"50\"><\/div>[\/vc_column][\/vc_row][vc_row fullwidth=&#8221;yes&#8221; css=&#8221;.vc_custom_1759547846768{background: #f7f9fa url(http:\/\/ninzio.com\/bauer\/wp-content\/uploads\/2019\/05\/section-bg2.png?id=7930) !important;background-position: center !important;background-repeat: no-repeat !important;background-size: cover !important;}&#8221; el_id=&#8221;trayectoria&#8221;][vc_column]\r\n<div class=\"bauer-project arrow-center bullet-square offsetcenter offset-v0\" data-auto=\"true\" data-column=\"4\" data-column2=\"2\" data-column3=\"1\" data-gap=\"30\">\r\n<div style=\"margin:0 3.5% 0 3.5%;\">\r\n\r\n\t\r\n\t<div class=\"owl-carousel owl-theme\">\r\n\t    \t\t\t<div class=\"project-box style-1\">\r\n\r\n\t\t\t\t\t<div class=\"project-image\"><div class=\"inner\"><div class=\"default\"><h2 class=\"project-title\"><a href=\"https:\/\/amilcarivanovic.es\/index.php\/project\/mister-profesional-1oa\/\">Club Guaran\u00ed de F\u00fatbol <br>\r\nParaguay<\/a><\/h2><div class=\"url-wrap\"><a href=\"https:\/\/amilcarivanovic.es\/index.php\/project\/mister-profesional-1oa\/\" class=\"bauer-links link-style-2 accent\" style=\"\"><span class=\"text\">View Project<\/span><\/a><\/div><\/div><img decoding=\"async\" width=\"425\" height=\"570\" src=\"https:\/\/amilcarivanovic.es\/wp-content\/uploads\/2025\/10\/Diapositiva1-425x570.jpg\" class=\"attachment-bauer-rectangle1 size-bauer-rectangle1 wp-post-image\" alt=\"\" \/><div class=\"hover-info\"><h2 class=\"project-title\"><a href=\"https:\/\/amilcarivanovic.es\/index.php\/project\/mister-profesional-1oa\/\">Club Guaran\u00ed de F\u00fatbol <br>\r\nParaguay<\/a><\/h2><div class=\"project-desc\">Entrenador F\u00fatbol Profesional - Club Guaran\u00ed 1\u00ba Divisi\u00f3n A - Paraguay<\/div><div class=\"url-wrap\"><a href=\"https:\/\/amilcarivanovic.es\/index.php\/project\/mister-profesional-1oa\/\" class=\"bauer-links link-style-2 accent\" style=\"\"><span class=\"text\">View Project<\/span><\/a><\/div><\/div><\/div><\/div>\r\n\t\t\t<\/div><!-- \/.project-box -->\r\n\t\t\t\t\t<div class=\"project-box style-1\">\r\n\r\n\t\t\t\t\t<div class=\"project-image\"><div class=\"inner\"><div class=\"default\"><h2 class=\"project-title\"><a href=\"https:\/\/amilcarivanovic.es\/index.php\/project\/levante-ud-ab\/\">Entrenador<br>\r\nLevante UD<\/a><\/h2><div class=\"url-wrap\"><a href=\"https:\/\/amilcarivanovic.es\/index.php\/project\/levante-ud-ab\/\" class=\"bauer-links link-style-2 accent\" style=\"\"><span class=\"text\">View Project<\/span><\/a><\/div><\/div><img decoding=\"async\" width=\"425\" height=\"570\" src=\"https:\/\/amilcarivanovic.es\/wp-content\/uploads\/2025\/10\/BARCE4-425x570.jpg\" class=\"attachment-bauer-rectangle1 size-bauer-rectangle1 wp-post-image\" alt=\"\" \/><div class=\"hover-info\"><h2 class=\"project-title\"><a href=\"https:\/\/amilcarivanovic.es\/index.php\/project\/levante-ud-ab\/\">Entrenador<br>\r\nLevante UD<\/a><\/h2><div class=\"project-desc\">La Escuela del Levante es la m\u00e1s prestigiosa de la comunidad valenciana. Con una misi\u00f3n y una visi\u00f3n clara tiene muy bien definida la metolog\u00eda de trabajo donde el principal actor es el jugador.<\/div><div class=\"url-wrap\"><a href=\"https:\/\/amilcarivanovic.es\/index.php\/project\/levante-ud-ab\/\" class=\"bauer-links link-style-2 accent\" style=\"\"><span class=\"text\">View Project<\/span><\/a><\/div><\/div><\/div><\/div>\r\n\t\t\t<\/div><!-- \/.project-box -->\r\n\t\t\t\t\t<div class=\"project-box style-1\">\r\n\r\n\t\t\t\t\t<div class=\"project-image\"><div class=\"inner\"><div class=\"default\"><h2 class=\"project-title\"><a href=\"https:\/\/amilcarivanovic.es\/index.php\/project\/entrenador-levante-ud\/\">Entrenador<br>\r\nLevante UD<\/a><\/h2><div class=\"url-wrap\"><a href=\"https:\/\/amilcarivanovic.es\/index.php\/project\/entrenador-levante-ud\/\" class=\"bauer-links link-style-2 accent\" style=\"\"><span class=\"text\">View Project<\/span><\/a><\/div><\/div><img decoding=\"async\" width=\"425\" height=\"570\" src=\"https:\/\/amilcarivanovic.es\/wp-content\/uploads\/2025\/10\/FONDO-425x570.jpg\" class=\"attachment-bauer-rectangle1 size-bauer-rectangle1 wp-post-image\" alt=\"\" \/><div class=\"hover-info\"><h2 class=\"project-title\"><a href=\"https:\/\/amilcarivanovic.es\/index.php\/project\/entrenador-levante-ud\/\">Entrenador<br>\r\nLevante UD<\/a><\/h2><div class=\"project-desc\">La Escuela del Levante es la m\u00e1s prestigiosa de la comunidad valenciana. Con una misi\u00f3n y una visi\u00f3n clara tiene muy bien definida la metolog\u00eda de trabajo donde el principal actor es el jugador.<\/div><div class=\"url-wrap\"><a href=\"https:\/\/amilcarivanovic.es\/index.php\/project\/entrenador-levante-ud\/\" class=\"bauer-links link-style-2 accent\" style=\"\"><span class=\"text\">View Project<\/span><\/a><\/div><\/div><\/div><\/div>\r\n\t\t\t<\/div><!-- \/.project-box -->\r\n\t\t\t\t\t<div class=\"project-box style-1\">\r\n\r\n\t\t\t\t\t<div class=\"project-image\"><div class=\"inner\"><div class=\"default\"><h2 class=\"project-title\"><a href=\"https:\/\/amilcarivanovic.es\/index.php\/project\/velez-sarsfield-sub-campeon-92\/\">V\u00e9lez Sarsfield<br>\r\nsub campe\u00f3n<br>\r\n\u00b492<\/a><\/h2><div class=\"url-wrap\"><a href=\"https:\/\/amilcarivanovic.es\/index.php\/project\/velez-sarsfield-sub-campeon-92\/\" class=\"bauer-links link-style-2 accent\" style=\"\"><span class=\"text\">View Project<\/span><\/a><\/div><\/div><img decoding=\"async\" width=\"425\" height=\"532\" src=\"https:\/\/amilcarivanovic.es\/wp-content\/uploads\/2025\/10\/velez-425x532.png\" class=\"attachment-bauer-rectangle1 size-bauer-rectangle1 wp-post-image\" alt=\"\" \/><div class=\"hover-info\"><h2 class=\"project-title\"><a href=\"https:\/\/amilcarivanovic.es\/index.php\/project\/velez-sarsfield-sub-campeon-92\/\">V\u00e9lez Sarsfield<br>\r\nsub campe\u00f3n<br>\r\n\u00b492<\/a><\/h2><div class=\"project-desc\">Jos\u00e9 Chilavert, Alejandro Mancuso, Oscar Ruggeri, Ricardo Gareca integraban ese equipo.<\/div><div class=\"url-wrap\"><a href=\"https:\/\/amilcarivanovic.es\/index.php\/project\/velez-sarsfield-sub-campeon-92\/\" class=\"bauer-links link-style-2 accent\" style=\"\"><span class=\"text\">View Project<\/span><\/a><\/div><\/div><\/div><\/div>\r\n\t\t\t<\/div><!-- \/.project-box -->\r\n\t\t\t\t\t<div class=\"project-box style-1\">\r\n\r\n\t\t\t\t\t<div class=\"project-image\"><div class=\"inner\"><div class=\"default\"><h2 class=\"project-title\"><a href=\"https:\/\/amilcarivanovic.es\/index.php\/project\/en-la-bombonera-frente-a-boca\/\">Entrenador<br>\r\nUniversitario<\/a><\/h2><div class=\"url-wrap\"><a href=\"https:\/\/amilcarivanovic.es\/index.php\/project\/en-la-bombonera-frente-a-boca\/\" class=\"bauer-links link-style-2 accent\" style=\"\"><span class=\"text\">View Project<\/span><\/a><\/div><\/div><img decoding=\"async\" width=\"425\" height=\"570\" src=\"https:\/\/amilcarivanovic.es\/wp-content\/uploads\/2025\/10\/belgrano-425x570.png\" class=\"attachment-bauer-rectangle1 size-bauer-rectangle1 wp-post-image\" alt=\"\" \/><div class=\"hover-info\"><h2 class=\"project-title\"><a href=\"https:\/\/amilcarivanovic.es\/index.php\/project\/en-la-bombonera-frente-a-boca\/\">Entrenador<br>\r\nUniversitario<\/a><\/h2><div class=\"project-desc\">A lo largo de 7 a\u00f1os fui entrenador de la Universidad de Belgrano. Instituci\u00f3n donde curs\u00e9 mis estudios universitarios. <\/div><div class=\"url-wrap\"><a href=\"https:\/\/amilcarivanovic.es\/index.php\/project\/en-la-bombonera-frente-a-boca\/\" class=\"bauer-links link-style-2 accent\" style=\"\"><span class=\"text\">View Project<\/span><\/a><\/div><\/div><\/div><\/div>\r\n\t\t\t<\/div><!-- \/.project-box -->\r\n\t\t\t\t\t<div class=\"project-box style-1\">\r\n\r\n\t\t\t\t\t<div class=\"project-image\"><div class=\"inner\"><div class=\"default\"><h2 class=\"project-title\"><a href=\"https:\/\/amilcarivanovic.es\/index.php\/project\/seleccion-argentina-infantil\/\">Selecci\u00f3n<br>\r\nArgentina <br>\r\nInfantil<\/a><\/h2><div class=\"url-wrap\"><a href=\"https:\/\/amilcarivanovic.es\/index.php\/project\/seleccion-argentina-infantil\/\" class=\"bauer-links link-style-2 accent\" style=\"\"><span class=\"text\">View Project<\/span><\/a><\/div><\/div><img decoding=\"async\" width=\"425\" height=\"552\" src=\"https:\/\/amilcarivanovic.es\/wp-content\/uploads\/2025\/10\/unnamed-2-425x552.jpg\" class=\"attachment-bauer-rectangle1 size-bauer-rectangle1 wp-post-image\" alt=\"\" \/><div class=\"hover-info\"><h2 class=\"project-title\"><a href=\"https:\/\/amilcarivanovic.es\/index.php\/project\/seleccion-argentina-infantil\/\">Selecci\u00f3n<br>\r\nArgentina <br>\r\nInfantil<\/a><\/h2><div class=\"project-desc\">Jugamos el torneo sudamericano de f\u00fatbol infantil realizado en Bolivia.<\/div><div class=\"url-wrap\"><a href=\"https:\/\/amilcarivanovic.es\/index.php\/project\/seleccion-argentina-infantil\/\" class=\"bauer-links link-style-2 accent\" style=\"\"><span class=\"text\">View Project<\/span><\/a><\/div><\/div><\/div><\/div>\r\n\t\t\t<\/div><!-- \/.project-box -->\r\n\t\t\t\t\t<div class=\"project-box style-1\">\r\n\r\n\t\t\t\t\t<div class=\"project-image\"><div class=\"inner\"><div class=\"default\"><h2 class=\"project-title\"><a href=\"https:\/\/amilcarivanovic.es\/index.php\/project\/architecture-project-5\/\">Club<br>\r\nAtl\u00e9tico<br>\r\nRiver Plate<\/a><\/h2><div class=\"url-wrap\"><a href=\"https:\/\/amilcarivanovic.es\/index.php\/project\/architecture-project-5\/\" class=\"bauer-links link-style-2 accent\" style=\"\"><span class=\"text\">View Project<\/span><\/a><\/div><\/div><img decoding=\"async\" width=\"425\" height=\"570\" src=\"https:\/\/amilcarivanovic.es\/wp-content\/uploads\/2025\/10\/unnamed-13-425x570.jpg\" class=\"attachment-bauer-rectangle1 size-bauer-rectangle1 wp-post-image\" alt=\"\" \/><div class=\"hover-info\"><h2 class=\"project-title\"><a href=\"https:\/\/amilcarivanovic.es\/index.php\/project\/architecture-project-5\/\">Club<br>\r\nAtl\u00e9tico<br>\r\nRiver Plate<\/a><\/h2><div class=\"project-desc\">Categor\u00eda 1968 - \"La 68\". \r\nCon las manos en el bal\u00f3n y en la segunda imagen indicado con un punto amarillo<\/div><div class=\"url-wrap\"><a href=\"https:\/\/amilcarivanovic.es\/index.php\/project\/architecture-project-5\/\" class=\"bauer-links link-style-2 accent\" style=\"\"><span class=\"text\">View Project<\/span><\/a><\/div><\/div><\/div><\/div>\r\n\t\t\t<\/div><!-- \/.project-box -->\r\n\t\t\t<\/div><!-- \/.owl-carousel -->\r\n\r\n\r\n<\/div>\r\n<\/div><!-- \/.bauer-project -->\r\n\r\n\r\n\t<div class=\"bauer-spacer clearfix\" data-desktop=\"70\" data-mobi=\"50\" data-smobi=\"50\"><\/div>[\/vc_column][\/vc_row][vc_row][vc_column]\r\n\t<div class=\"bauer-spacer clearfix\" data-desktop=\"94\" data-mobi=\"60\" data-smobi=\"60\"><\/div>[vc_row_inner][vc_column_inner width=&#8221;1\/2&#8243;]<div class=\"bauer-single-heading clearfix \" style=\"margin-bottom:25px;\"><span class=\"inner\"><span class=\"heading clearfix  accent\" style=\"font-weight:600;font-size:16px;\">\r\n\t\tFORMACI\u00d3N ACADEMICA\r\n\t<\/span><\/span><\/div><h2 class=\"bauer-text clearfix \" style=\"font-size:42px;line-height:50px;color:#030f27;\"><div jscontroller=\"Ae65rd\" jsaction=\"touchstart:UrsOsc; click:KjsqPd; focusout:QZoaZ; mouseover:y0pDld; mouseout:dq0hvd;fv1Rjc:jbFSOd;CrfLRd:SzACGe;\" class=\"CjVfdc\">&#8220;Futbol y estudio van de la mano&#8221;<\/div>\n<\/h2>\r\n\t<div class=\"bauer-spacer clearfix\" data-desktop=\"60\" data-mobi=\"40\" data-smobi=\"40\"><\/div><div class=\"bauer-icon-box clearfix icon-left align-left  simple\" style=\"\" ><div class=\"wrap-inner\" style=\"position: relative;\"><div class=\"bauer-icon icon-958028443 accent custom\"  data-background=\"#ffffff\" data-icon-hover=\"#ffffff\" data-background-hover=\"#f35c27\">\r\n\t\t\t\t<span class=\"icon\" style=\"font-size:30px;width:70px;height:70px;border-style:solid;border-radius:35px;line-height:72px;margin-top:4px; box-shadow: 2px 0px 30px 0px rgba(3,15,39,0.1)\"><i class=\"elegant-icon_house_alt\"><\/i><\/span>\r\n\t\t\t<\/div> <h3 class=\"heading \" style=\"padding-left:100px;font-size:18px;margin-bottom:2px;\">\r\n\t\t\t<span>TRABAJO EN EMPRESAS MULTINACIONALES<\/span>\r\n\t\t<\/h3><div class=\"desc\" style=\"padding-left:100px;\"><p dir=\"ltr\" class=\"CDt4Ke zfr3Q\"><em>Lo hice c<\/em><em>omo Gerente Comercial en empresas como DANONE, GRUPO FAMILIA, Y MAROLIO.<\/em><\/p>\n<ul class=\"n8H08c UVNKR\">\n<li dir=\"ltr\" class=\"TYR86d zfr3Q\">\n<p dir=\"ltr\" class=\"CDt4Ke zfr3Q\"><em>Lider\u00e9 equipos de 5 a 750 personas<\/em><\/p>\n<\/li>\n<li dir=\"ltr\" class=\"TYR86d zfr3Q\">\n<p dir=\"ltr\" class=\"CDt4Ke zfr3Q\"><em>Negociaciones complejas con Supermercados<\/em><\/p>\n<\/li>\n<li dir=\"ltr\" class=\"TYR86d zfr3Q\">\n<p dir=\"ltr\" class=\"CDt4Ke zfr3Q\"><em>An\u00e1lisis de mercado \/ P&amp;L de todo tipo y complejidad<\/em><\/p>\n<\/li>\n<li dir=\"ltr\" class=\"TYR86d zfr3Q\">\n<p dir=\"ltr\" class=\"CDt4Ke zfr3Q\"><em>Todas empresas de m\u00e1s de 1000 empleados<\/em><\/p>\n<\/li>\n<\/ul>\n<\/div> <\/div><\/div>\r\n\t<div class=\"bauer-spacer clearfix\" data-desktop=\"40\" data-mobi=\"30\" data-smobi=\"30\"><\/div>[\/vc_column_inner][vc_column_inner width=&#8221;1\/2&#8243;]\r\n\t<div class=\"bauer-spacer clearfix\" data-desktop=\"52\" data-mobi=\"40\" data-smobi=\"40\"><\/div><div class=\"bauer-text clearfix \" style=\"font-size:18px;line-height:30px;color:#414042;margin-bottom:25px;\"><p dir=\"ltr\" class=\"CDt4Ke zfr3Q\"><em>Esto dec\u00eda Don Alejandro Mur, coordinador de f\u00fatbol base. Un maestro en la formaci\u00f3n de jugadores. A mi padre principalmente y a \u00e9l les hice caso.<\/em><\/p>\n<\/div><div class=\"bauer-text clearfix \" style=\"\"><p dir=\"ltr\" class=\"CDt4Ke zfr3Q\"><em>Complet\u00e9 la carrera universitaria de Licenciado en Ciencias Empresariales en la Universidad de Belgrano, haciendo m\u00e1s tarde un MBA (Master in Business Administration) en la Universidad de Palermo cursado en los momentos libres que el f\u00fatbol me permiti\u00f3.<\/em><\/p>\n<p dir=\"ltr\" class=\"CDt4Ke zfr3Q\"><em>Luego realic\u00e9 el curso de Entrenador Profesional logrando el t\u00edtulo que hoy ejerzo.<\/em><\/p>\n<\/div>\r\n\t<div class=\"bauer-spacer clearfix\" data-desktop=\"30\" data-mobi=\"20\" data-smobi=\"10\"><\/div><div class=\"bauer-images-carousel  arrow-center\" data-auto=\"false\" data-loop=\"false\" data-gap=\"30\" data-column=\"3\" data-column2=\"2\" data-column3=\"1\">\r\n        <div class=\"owl-carousel owl-theme\"><div class=\"item-wrap\"><img decoding=\"async\" src=\"https:\/\/amilcarivanovic.es\/wp-content\/uploads\/2025\/10\/unnamed-23.jpg\" alt=\"Image\"><\/div><div class=\"item-wrap\"><img decoding=\"async\" src=\"https:\/\/amilcarivanovic.es\/wp-content\/uploads\/2025\/10\/unnamed-21.jpg\" alt=\"Image\"><\/div><div class=\"item-wrap\"><img decoding=\"async\" src=\"https:\/\/amilcarivanovic.es\/wp-content\/uploads\/2025\/10\/unnamed-22.jpg\" alt=\"Image\"><\/div><\/div><\/div>[\/vc_column_inner][\/vc_row_inner]\r\n\t<div class=\"bauer-spacer clearfix\" data-desktop=\"100\" data-mobi=\"60\" data-smobi=\"60\"><\/div>[\/vc_column][\/vc_row][vc_row css=&#8221;.vc_custom_1759541520035{background-image: url(http:\/\/amilcarivanovic.es\/wp-content\/uploads\/2025\/10\/banner-scaled.png?id=9318) !important;background-position: center !important;background-repeat: no-repeat !important;background-size: cover !important;}&#8221;][vc_column]\r\n\t<div class=\"bauer-spacer clearfix\" data-desktop=\"94\" data-mobi=\"60\" data-smobi=\"60\"><\/div><h2 class=\"bauer-text clearfix text-center\" style=\"font-size:42px;line-height:50px;color:#ffffff;margin-bottom:30px;max-width:730px;margin-left: auto; margin-right: auto;\"><p>Tata Martino<\/p>\n<\/h2><div class=\"bauer-text clearfix text-center\" style=\"font-size:18px;line-height:30px;color:#cacaca;max-width:800px;margin-left: auto; margin-right: auto;\"><div jscontroller=\"Ae65rd\" jsaction=\"touchstart:UrsOsc; click:KjsqPd; focusout:QZoaZ; mouseover:y0pDld; mouseout:dq0hvd;fv1Rjc:jbFSOd;CrfLRd:SzACGe;\" class=\"CjVfdc CJIdie\"><em>Jugu\u00e9 con \u00e9l en Newell\u00b4s, y volv\u00ed a verlo cuando me contrataron en Guaran\u00ed , equipo de 1\u00aaA de Paraguay donde \u00e9l dirig\u00eda la Selecci\u00f3n Nacional.<\/em><\/div>\n<\/div>\r\n\t<div class=\"bauer-spacer clearfix\" data-desktop=\"137\" data-mobi=\"120\" data-smobi=\"120\"><\/div>[\/vc_column][\/vc_row][vc_row css=&#8221;.vc_custom_1769053187661{background: #f7f9fa url(http:\/\/ninzio.com\/bauer\/wp-content\/uploads\/2019\/05\/inter-bg-2.png?id=8942) !important;background-position: center !important;background-repeat: no-repeat !important;background-size: cover !important;}&#8221; el_id=&#8221;contactar&#8221;][vc_column]<div class=\"bauer-content-box clearfix \" data-padding=\"22px 90px 26px 90px\" data-mobipadding=\"22px 50px 26px 50px\" data-margin=\"-75px 0px 0px 0px\" data-mobimargin=\"-75px 0px 0px 0px\" >\r\n\t\t<div class=\"inner ctb-1839421407\" style=\"background:url(https:\/\/amilcarivanovic.es\/wp-content\/uploads\/2019\/05\/actionbox-bg.png) left top no-repeat;background-size:cover;\"  data-background=\"\" data-rounded=\"10px\">\r\n\t\t\t<div class=\"bauer-action-box \" style=\"\">\r\n\t\t<div class=\"inner\">\r\n\t\t<div class=\"heading-wrap \">\r\n\t\t\t<div class=\"text-wrap\" style=\"\">\r\n\t\t\t\t<h2 class=\"heading\" style=\"font-weight:400;color:#ffffff;font-size:28px;line-height:41px;\">\r\n\t\t\t\t\tCon su autorizaci\u00f3n publico parte de los informes que me facilit\u00f3. Donde comprend\u00ed parte de su metodolog\u00eda y modelo de juego.\r\n\t\t\t\t<\/h2>\r\n\t\t\t<\/div>\r\n\t\t<\/div><div class=\"url-wrap\" style=\"\">\r\n\t\t\t<a target=\"no\" class=\"bauer-button medium btn-1881074608 custom\" href=\"http:\/\/amilcarivanovic.es\/index.php\/project\/tata-martino\/\" style=\"border-radius:30px;\"  data-text=\"#030f27\" data-background=\"#ffffff\" data-text-hover=\"#ffffff\" data-background-hover=\"#414042\"><span>Ver m\u00e1s<\/span><\/a>\r\n\t\t<\/div><\/div>\r\n\t<\/div>\r\n\t\t<\/div>\r\n\t<\/div>\r\n\t<div class=\"bauer-spacer clearfix\" data-desktop=\"100\" data-mobi=\"60\" data-smobi=\"60\"><\/div>[vc_row_inner el_id=&#8221;contacto&#8221;][vc_column_inner width=&#8221;1\/2&#8243;]<div class=\"bauer-content-box clearfix \" data-padding=\"53px 35px 60px 35px\" data-mobipadding=\"50px 35px 50px 35px\" data-margin=\"\" data-mobimargin=\"\" >\r\n\t\t<div class=\"inner ctb-290320791\" style=\"\"  data-background=\"#ffffff\" data-rounded=\"5px\" data-border-width=\"1px\" data-shadow=\" 0px 0px 20px 0px rgba(3,15,39,0.07)\">\r\n\t\t\t<div class=\"bauer-headings clearfix text-center\" data-font=22 style=\"\"><h2 class=\"heading clearfix \" style=\"margin-bottom:15px;font-size:22px;\">\r\n\t\tConsulte aqui\r\n\t<\/h2><p class=\"sub-heading clearfix\" style=\"font-style:normal;max-width:400px;margin-left: auto; margin-right: auto;\">\r\n\t\tPuede escribir su consulta directo al form.\r\n\t<\/p><\/div>\r\n\t<div class=\"bauer-spacer clearfix\" data-desktop=\"32\" data-mobi=\"32\" data-smobi=\"32\"><\/div>[vc_column_text css=&#8221;&#8221;]<\/p>\n<div class=\"google-form-embed\"><iframe loading=\"lazy\" width=\"100%\" height=\"900\" src=\"https:\/\/docs.google.com\/forms\/d\/e\/1FAIpQLSf4jCS-9amdWWH3S41yM3giS0-P1_kkD1vKnIc_z6QWd3Tk0w\/viewform\" frameborder=\"0\" marginwidth=\"0\" marginheight=\"0\"><span data-mce-type=\"bookmark\" style=\"display: inline-block; width: 0px; overflow: hidden; line-height: 0;\" class=\"mce_SELRES_start\">\ufeff<\/span><br \/>\nCargando\u2026<br \/>\n<\/iframe><\/div>\n<p>[\/vc_column_text]\r\n\t\t<\/div>\r\n\t<\/div>[\/vc_column_inner][vc_column_inner width=&#8221;1\/2&#8243;]\r\n\t<div class=\"bauer-spacer clearfix\" data-desktop=\"94\" data-mobi=\"50\" data-smobi=\"50\"><\/div><div class=\"bauer-content-box clearfix \" data-padding=\"0px 0px 0px 37px\" data-mobipadding=\"0px 0px 0px 0px\" data-margin=\"\" data-mobimargin=\"\" >\r\n\t\t<div class=\"inner ctb-1687786738\" style=\"\"  data-background=\"\">\r\n\t\t\t<h2 class=\"bauer-text clearfix \" style=\"font-size:42px;line-height:50px;margin-bottom:12px;\"><p>V\u00edas de contacto<\/p>\n<\/h2><div class=\"bauer-text clearfix \" style=\"color:#030f27;\"><p>Consultas y\/o sugerencias estamos para asesorarle<\/p>\n<\/div>\r\n\t<div class=\"bauer-spacer clearfix\" data-desktop=\"60\" data-mobi=\"40\" data-smobi=\"40\"><\/div><div class=\"bauer-icon-box clearfix icon-left align-left  simple\" style=\"\" ><div class=\"wrap-inner\" style=\"position: relative;\"><div class=\"bauer-icon icon-377217627 accent custom\"  data-background=\"rgba(243,92,39,0.2)\">\r\n\t\t\t\t<span class=\"icon\" style=\"font-size:32px;width:70px;height:70px;border-style:solid;border-radius:40px;line-height:74px;margin-top:4px; box-shadow: 0px 0px 0px 5px rgba(243,92,39,0.1)\"><i class=\"elegant-icon_pin_alt\"><\/i><\/span>\r\n\t\t\t<\/div> <h3 class=\"heading \" style=\"padding-left:100px;font-size:18px;margin-bottom:1px;\">\r\n\t\t\t<span>D\u00f3nde Estamos?<\/span>\r\n\t\t<\/h3><div class=\"desc\" style=\"padding-left:100px;\"><div style=\"font-weight: 600; color: #8a99c0;\">Valencia, Espa\u00f1a<\/div>\n<\/div> <\/div><\/div>\r\n\t<div class=\"bauer-spacer clearfix\" data-desktop=\"18\" data-mobi=\"18\" data-smobi=\"18\"><\/div><div class=\"bauer-divider divider-left divider-solid\" style=\"border-top-color:#e7e7e7;\"><\/div><div class=\"clearfix\"><\/div>\r\n\t<div class=\"bauer-spacer clearfix\" data-desktop=\"18\" data-mobi=\"18\" data-smobi=\"18\"><\/div><div class=\"bauer-icon-box clearfix icon-left align-left  simple\" style=\"\" ><div class=\"wrap-inner\" style=\"position: relative;\"><div class=\"bauer-icon icon-380690074 accent custom\"  data-background=\"rgba(243,92,39,0.2)\">\r\n\t\t\t\t<span class=\"icon\" style=\"font-size:32px;width:70px;height:70px;border-style:solid;border-radius:40px;line-height:74px;margin-top:4px; box-shadow: 0px 0px 0px 5px rgba(243,92,39,0.1)\"><i class=\"elegant-icon_phone\"><\/i><\/span>\r\n\t\t\t<\/div> <h3 class=\"heading \" style=\"padding-left:100px;font-size:18px;margin-bottom:1px;\">\r\n\t\t\t<span>Whatsapp<\/span>\r\n\t\t<\/h3><div class=\"desc\" style=\"padding-left:100px;\"><div style=\"font-weight: 600; color: #8a99c0;\">+34 <span>652588341<\/span><\/div>\n<\/div> <\/div><\/div>\r\n\t<div class=\"bauer-spacer clearfix\" data-desktop=\"18\" data-mobi=\"18\" data-smobi=\"18\"><\/div><div class=\"bauer-divider divider-left divider-solid\" style=\"border-top-color:#e7e7e7;\"><\/div><div class=\"clearfix\"><\/div>\r\n\t<div class=\"bauer-spacer clearfix\" data-desktop=\"18\" data-mobi=\"18\" data-smobi=\"18\"><\/div><div class=\"bauer-icon-box clearfix icon-left align-left  simple\" style=\"\" ><div class=\"wrap-inner\" style=\"position: relative;\"><div class=\"bauer-icon icon-345795821 accent custom\"  data-background=\"rgba(243,92,39,0.2)\">\r\n\t\t\t\t<span class=\"icon\" style=\"font-size:32px;width:70px;height:70px;border-style:solid;border-radius:40px;line-height:74px;margin-top:4px; box-shadow: 0px 0px 0px 5px rgba(243,92,39,0.1)\"><i class=\"elegant-icon_mail_alt\"><\/i><\/span>\r\n\t\t\t<\/div> <h3 class=\"heading \" style=\"padding-left:100px;font-size:18px;margin-bottom:1px;\">\r\n\t\t\t<span>Email<\/span>\r\n\t\t<\/h3><div class=\"desc\" style=\"padding-left:100px;\"><div style=\"font-weight: 600; color: #8a99c0;\"><span>info@amilcarivanovic.es<\/span><\/div>\n<div><a href=\"mailto:info@valenciasoccerelite.com\"><span>info@valenciasoccerelite.com<\/span><\/a><\/div>\n<div class=\"text-accent-color\" style=\"font-weight: 600;\"><\/div>\n<\/div> <\/div><\/div>\r\n\t<div class=\"bauer-spacer clearfix\" data-desktop=\"18\" data-mobi=\"18\" data-smobi=\"18\"><\/div><div class=\"bauer-divider divider-left divider-solid\" style=\"border-top-color:#e7e7e7;\"><\/div><div class=\"clearfix\"><\/div>\r\n\t<div class=\"bauer-spacer clearfix\" data-desktop=\"18\" data-mobi=\"18\" data-smobi=\"18\"><\/div><div class=\"bauer-simple-image text-center\" style=\"border-radius:30px;overflow:hidden;\" >\r\n\t\t\t<img decoding=\"async\" alt=\"image\" src=\"https:\/\/amilcarivanovic.es\/wp-content\/uploads\/2025\/10\/unnamed-24.jpg\" \/> \r\n\t\t<\/div>\r\n\t\t<\/div>\r\n\t<\/div>[\/vc_column_inner][\/vc_row_inner]\r\n\t<div class=\"bauer-spacer clearfix\" data-desktop=\"100\" data-mobi=\"60\" data-smobi=\"60\"><\/div>[\/vc_column][\/vc_row]<\/p>\n<\/div>","protected":false},"excerpt":{"rendered":"<p>[vc_row el_class=&#8221;has-scroll-arrow&#8221;][vc_column][\/vc_column][\/vc_row][vc_row el_class=&#8221;has-scroll-arrow&#8221;][vc_column width=&#8221;1\/3&#8243;][\/vc_column][vc_column width=&#8221;1\/3&#8243;][\/vc_column][vc_column width=&#8221;1\/3&#8243;][\/vc_column][\/vc_row][vc_row css=&#8221;.vc_custom_1759547963155{background-image: url(http:\/\/ninzio.com\/bauer\/wp-content\/uploads\/2019\/05\/inter-bg-1.png?id=8935) !important;background-position: center !important;background-repeat: no-repeat !important;background-size: cover !important;}&#8221; el_id=&#8221;nosotros&#8221;][vc_column][vc_row_inner column_inner_spacing=&#8221;65&#8243;][vc_column_inner width=&#8221;1\/2&#8243;][\/vc_column_inner][vc_column_inner width=&#8221;1\/2&#8243;][\/vc_column_inner][\/vc_row_inner][\/vc_column][\/vc_row][vc_row css=&#8221;.vc_custom_1759533837774{background-image: url(http:\/\/amilcarivanovic.es\/wp-content\/uploads\/2025\/10\/banner-scaled.png?id=9318) !important;background-position: center !important;background-repeat: no-repeat !important;background-size: cover !important;}&#8221;][vc_column][\/vc_column][\/vc_row][vc_row fullwidth=&#8221;yes&#8221; css=&#8221;.vc_custom_1759547833936{background-color: #f7f9fa !important;}&#8221; el_id=&#8221;historia&#8221;][vc_column][\/vc_column][\/vc_row][vc_row fullwidth=&#8221;yes&#8221; css=&#8221;.vc_custom_1759547846768{background: #f7f9fa url(http:\/\/ninzio.com\/bauer\/wp-content\/uploads\/2019\/05\/section-bg2.png?id=7930) !important;background-position: center !important;background-repeat: no-repeat !important;background-size: cover !important;}&#8221; el_id=&#8221;trayectoria&#8221;][vc_column][\/vc_column][\/vc_row][vc_row][vc_column][vc_row_inner][vc_column_inner width=&#8221;1\/2&#8243;][\/vc_column_inner][vc_column_inner width=&#8221;1\/2&#8243;][\/vc_column_inner][\/vc_row_inner][\/vc_column][\/vc_row][vc_row css=&#8221;.vc_custom_1759541520035{background-image: url(http:\/\/amilcarivanovic.es\/wp-content\/uploads\/2025\/10\/banner-scaled.png?id=9318) !important;background-position:<\/p>\n","protected":false},"author":1,"featured_media":9444,"parent":0,"menu_order":0,"comment_status":"closed","ping_status":"closed","template":"","meta":{"footnotes":""},"class_list":["post-8446","page","type-page","status-publish","has-post-thumbnail","hentry"],"yoast_head":"<!-- This site is optimized with the Yoast SEO plugin v27.1.1 - https:\/\/yoast.com\/product\/yoast-seo-wordpress\/ -->\n<title>amilcarivanovic.es - amilcarivanovic.es<\/title>\n<meta name=\"description\" content=\"Nuestro Director es Am\u00edlcar Ivanovic Quien jug\u00f3 profesionalmente en 1\u00ba divisi\u00f3n A de Argentina con nuestros padrinos (Ricardo Gareca y Gerardo Martino) debajo detallados colaborando con ambos durante el desarrollo de sus respectivas carrerasFormaci\u00f3n Metodol\u00f3gica como EntrenadorA la experiencia en 1\u00ba Divisi\u00f3n le agregamos una formaci\u00f3n metodol\u00f3gica como Entrenador aprendida en Espa\u00f1a complementando las ra\u00edces forjadas en el f\u00fatbol argentino.Esta mezcla de la \u201ccompetitividad del jugador argentino\u201d y la \u201cformaci\u00f3n metodol\u00f3gica espa\u00f1ola\u201d con \u201cexperiencia profesional en el alto rendimiento \u201d nos posiciona como referentes en el \u00e1rea de capacitaci\u00f3n y formaci\u00f3n de Jugadores y Entrenadores en la Comunidad Valenciana y Espa\u00f1a.Nuestros PadrinosAgradecemos los mensajes de nuestros padrinos : Ricardo Gareca (Selecci\u00f3n Chilena de F\u00fatbol) y Gerardo Martino (Inter de Miami)\" \/>\n<meta name=\"robots\" content=\"index, follow, max-snippet:-1, max-image-preview:large, max-video-preview:-1\" \/>\n<link rel=\"canonical\" href=\"https:\/\/amilcarivanovic.es\/\" \/>\n<meta property=\"og:locale\" content=\"en_US\" \/>\n<meta property=\"og:type\" content=\"article\" \/>\n<meta property=\"og:title\" content=\"amilcarivanovic.es - amilcarivanovic.es\" \/>\n<meta property=\"og:description\" content=\"Nuestro Director es Am\u00edlcar Ivanovic Quien jug\u00f3 profesionalmente en 1\u00ba divisi\u00f3n A de Argentina con nuestros padrinos (Ricardo Gareca y Gerardo Martino) debajo detallados colaborando con ambos durante el desarrollo de sus respectivas carrerasFormaci\u00f3n Metodol\u00f3gica como EntrenadorA la experiencia en 1\u00ba Divisi\u00f3n le agregamos una formaci\u00f3n metodol\u00f3gica como Entrenador aprendida en Espa\u00f1a complementando las ra\u00edces forjadas en el f\u00fatbol argentino.Esta mezcla de la \u201ccompetitividad del jugador argentino\u201d y la \u201cformaci\u00f3n metodol\u00f3gica espa\u00f1ola\u201d con \u201cexperiencia profesional en el alto rendimiento \u201d nos posiciona como referentes en el \u00e1rea de capacitaci\u00f3n y formaci\u00f3n de Jugadores y Entrenadores en la Comunidad Valenciana y Espa\u00f1a.Nuestros PadrinosAgradecemos los mensajes de nuestros padrinos : Ricardo Gareca (Selecci\u00f3n Chilena de F\u00fatbol) y Gerardo Martino (Inter de Miami)\" \/>\n<meta property=\"og:url\" content=\"https:\/\/amilcarivanovic.es\/\" \/>\n<meta property=\"og:site_name\" content=\"amilcarivanovic.es\" \/>\n<meta property=\"article:modified_time\" content=\"2026-03-04T20:44:52+00:00\" \/>\n<meta property=\"og:image\" content=\"https:\/\/amilcarivanovic.es\/wp-content\/uploads\/2026\/01\/FONDO.jpg\" \/>\n\t<meta property=\"og:image:width\" content=\"1911\" \/>\n\t<meta property=\"og:image:height\" content=\"810\" \/>\n\t<meta property=\"og:image:type\" content=\"image\/jpeg\" \/>\n<meta name=\"twitter:card\" content=\"summary_large_image\" \/>\n<meta name=\"twitter:label1\" content=\"Est. reading time\" \/>\n\t<meta name=\"twitter:data1\" content=\"8 minutes\" \/>\n<script type=\"application\/ld+json\" class=\"yoast-schema-graph\">{\"@context\":\"https:\/\/schema.org\",\"@graph\":[{\"@type\":\"WebPage\",\"@id\":\"https:\/\/amilcarivanovic.es\/\",\"url\":\"https:\/\/amilcarivanovic.es\/\",\"name\":\"amilcarivanovic.es - amilcarivanovic.es\",\"isPartOf\":{\"@id\":\"https:\/\/amilcarivanovic.es\/#website\"},\"primaryImageOfPage\":{\"@id\":\"https:\/\/amilcarivanovic.es\/#primaryimage\"},\"image\":{\"@id\":\"https:\/\/amilcarivanovic.es\/#primaryimage\"},\"thumbnailUrl\":\"https:\/\/amilcarivanovic.es\/wp-content\/uploads\/2026\/01\/FONDO.jpg\",\"datePublished\":\"2019-05-18T03:25:10+00:00\",\"dateModified\":\"2026-03-04T20:44:52+00:00\",\"description\":\"Nuestro Director es Am\u00edlcar Ivanovic Quien jug\u00f3 profesionalmente en 1\u00ba divisi\u00f3n A de Argentina con nuestros padrinos (Ricardo Gareca y Gerardo Martino) debajo detallados colaborando con ambos durante el desarrollo de sus respectivas carrerasFormaci\u00f3n Metodol\u00f3gica como EntrenadorA la experiencia en 1\u00ba Divisi\u00f3n le agregamos una formaci\u00f3n metodol\u00f3gica como Entrenador aprendida en Espa\u00f1a complementando las ra\u00edces forjadas en el f\u00fatbol argentino.Esta mezcla de la \u201ccompetitividad del jugador argentino\u201d y la \u201cformaci\u00f3n metodol\u00f3gica espa\u00f1ola\u201d con \u201cexperiencia profesional en el alto rendimiento \u201d nos posiciona como referentes en el \u00e1rea de capacitaci\u00f3n y formaci\u00f3n de Jugadores y Entrenadores en la Comunidad Valenciana y Espa\u00f1a.Nuestros PadrinosAgradecemos los mensajes de nuestros padrinos : Ricardo Gareca (Selecci\u00f3n Chilena de F\u00fatbol) y Gerardo Martino (Inter de Miami)\",\"breadcrumb\":{\"@id\":\"https:\/\/amilcarivanovic.es\/#breadcrumb\"},\"inLanguage\":\"en-US\",\"potentialAction\":[{\"@type\":\"ReadAction\",\"target\":[\"https:\/\/amilcarivanovic.es\/\"]}]},{\"@type\":\"ImageObject\",\"inLanguage\":\"en-US\",\"@id\":\"https:\/\/amilcarivanovic.es\/#primaryimage\",\"url\":\"https:\/\/amilcarivanovic.es\/wp-content\/uploads\/2026\/01\/FONDO.jpg\",\"contentUrl\":\"https:\/\/amilcarivanovic.es\/wp-content\/uploads\/2026\/01\/FONDO.jpg\",\"width\":1911,\"height\":810},{\"@type\":\"BreadcrumbList\",\"@id\":\"https:\/\/amilcarivanovic.es\/#breadcrumb\",\"itemListElement\":[{\"@type\":\"ListItem\",\"position\":1,\"name\":\"Portada\",\"item\":\"https:\/\/amilcarivanovic.es\/\"},{\"@type\":\"ListItem\",\"position\":2,\"name\":\"amilcarivanovic.es\"}]},{\"@type\":\"WebSite\",\"@id\":\"https:\/\/amilcarivanovic.es\/#website\",\"url\":\"https:\/\/amilcarivanovic.es\/\",\"name\":\"amilcarivanovic.es\",\"description\":\"\",\"publisher\":{\"@id\":\"https:\/\/amilcarivanovic.es\/#organization\"},\"potentialAction\":[{\"@type\":\"SearchAction\",\"target\":{\"@type\":\"EntryPoint\",\"urlTemplate\":\"https:\/\/amilcarivanovic.es\/?s={search_term_string}\"},\"query-input\":{\"@type\":\"PropertyValueSpecification\",\"valueRequired\":true,\"valueName\":\"search_term_string\"}}],\"inLanguage\":\"en-US\"},{\"@type\":\"Organization\",\"@id\":\"https:\/\/amilcarivanovic.es\/#organization\",\"name\":\"amilcarivanovic.es\",\"url\":\"https:\/\/amilcarivanovic.es\/\",\"logo\":{\"@type\":\"ImageObject\",\"inLanguage\":\"en-US\",\"@id\":\"https:\/\/amilcarivanovic.es\/#\/schema\/logo\/image\/\",\"url\":\"https:\/\/amilcarivanovic.es\/wp-content\/uploads\/2026\/01\/FONDO.jpg\",\"contentUrl\":\"https:\/\/amilcarivanovic.es\/wp-content\/uploads\/2026\/01\/FONDO.jpg\",\"width\":1911,\"height\":810,\"caption\":\"amilcarivanovic.es\"},\"image\":{\"@id\":\"https:\/\/amilcarivanovic.es\/#\/schema\/logo\/image\/\"}}]}<\/script>\n<!-- \/ Yoast SEO plugin. -->","yoast_head_json":{"title":"amilcarivanovic.es - amilcarivanovic.es","description":"Nuestro Director es Am\u00edlcar Ivanovic Quien jug\u00f3 profesionalmente en 1\u00ba divisi\u00f3n A de Argentina con nuestros padrinos (Ricardo Gareca y Gerardo Martino) debajo detallados colaborando con ambos durante el desarrollo de sus respectivas carrerasFormaci\u00f3n Metodol\u00f3gica como EntrenadorA la experiencia en 1\u00ba Divisi\u00f3n le agregamos una formaci\u00f3n metodol\u00f3gica como Entrenador aprendida en Espa\u00f1a complementando las ra\u00edces forjadas en el f\u00fatbol argentino.Esta mezcla de la \u201ccompetitividad del jugador argentino\u201d y la \u201cformaci\u00f3n metodol\u00f3gica espa\u00f1ola\u201d con \u201cexperiencia profesional en el alto rendimiento \u201d nos posiciona como referentes en el \u00e1rea de capacitaci\u00f3n y formaci\u00f3n de Jugadores y Entrenadores en la Comunidad Valenciana y Espa\u00f1a.Nuestros PadrinosAgradecemos los mensajes de nuestros padrinos : Ricardo Gareca (Selecci\u00f3n Chilena de F\u00fatbol) y Gerardo Martino (Inter de Miami)","robots":{"index":"index","follow":"follow","max-snippet":"max-snippet:-1","max-image-preview":"max-image-preview:large","max-video-preview":"max-video-preview:-1"},"canonical":"https:\/\/amilcarivanovic.es\/","og_locale":"en_US","og_type":"article","og_title":"amilcarivanovic.es - amilcarivanovic.es","og_description":"Nuestro Director es Am\u00edlcar Ivanovic Quien jug\u00f3 profesionalmente en 1\u00ba divisi\u00f3n A de Argentina con nuestros padrinos (Ricardo Gareca y Gerardo Martino) debajo detallados colaborando con ambos durante el desarrollo de sus respectivas carrerasFormaci\u00f3n Metodol\u00f3gica como EntrenadorA la experiencia en 1\u00ba Divisi\u00f3n le agregamos una formaci\u00f3n metodol\u00f3gica como Entrenador aprendida en Espa\u00f1a complementando las ra\u00edces forjadas en el f\u00fatbol argentino.Esta mezcla de la \u201ccompetitividad del jugador argentino\u201d y la \u201cformaci\u00f3n metodol\u00f3gica espa\u00f1ola\u201d con \u201cexperiencia profesional en el alto rendimiento \u201d nos posiciona como referentes en el \u00e1rea de capacitaci\u00f3n y formaci\u00f3n de Jugadores y Entrenadores en la Comunidad Valenciana y Espa\u00f1a.Nuestros PadrinosAgradecemos los mensajes de nuestros padrinos : Ricardo Gareca (Selecci\u00f3n Chilena de F\u00fatbol) y Gerardo Martino (Inter de Miami)","og_url":"https:\/\/amilcarivanovic.es\/","og_site_name":"amilcarivanovic.es","article_modified_time":"2026-03-04T20:44:52+00:00","og_image":[{"width":1911,"height":810,"url":"https:\/\/amilcarivanovic.es\/wp-content\/uploads\/2026\/01\/FONDO.jpg","type":"image\/jpeg"}],"twitter_card":"summary_large_image","twitter_misc":{"Est. reading time":"8 minutes"},"schema":{"@context":"https:\/\/schema.org","@graph":[{"@type":"WebPage","@id":"https:\/\/amilcarivanovic.es\/","url":"https:\/\/amilcarivanovic.es\/","name":"amilcarivanovic.es - amilcarivanovic.es","isPartOf":{"@id":"https:\/\/amilcarivanovic.es\/#website"},"primaryImageOfPage":{"@id":"https:\/\/amilcarivanovic.es\/#primaryimage"},"image":{"@id":"https:\/\/amilcarivanovic.es\/#primaryimage"},"thumbnailUrl":"https:\/\/amilcarivanovic.es\/wp-content\/uploads\/2026\/01\/FONDO.jpg","datePublished":"2019-05-18T03:25:10+00:00","dateModified":"2026-03-04T20:44:52+00:00","description":"Nuestro Director es Am\u00edlcar Ivanovic Quien jug\u00f3 profesionalmente en 1\u00ba divisi\u00f3n A de Argentina con nuestros padrinos (Ricardo Gareca y Gerardo Martino) debajo detallados colaborando con ambos durante el desarrollo de sus respectivas carrerasFormaci\u00f3n Metodol\u00f3gica como EntrenadorA la experiencia en 1\u00ba Divisi\u00f3n le agregamos una formaci\u00f3n metodol\u00f3gica como Entrenador aprendida en Espa\u00f1a complementando las ra\u00edces forjadas en el f\u00fatbol argentino.Esta mezcla de la \u201ccompetitividad del jugador argentino\u201d y la \u201cformaci\u00f3n metodol\u00f3gica espa\u00f1ola\u201d con \u201cexperiencia profesional en el alto rendimiento \u201d nos posiciona como referentes en el \u00e1rea de capacitaci\u00f3n y formaci\u00f3n de Jugadores y Entrenadores en la Comunidad Valenciana y Espa\u00f1a.Nuestros PadrinosAgradecemos los mensajes de nuestros padrinos : Ricardo Gareca (Selecci\u00f3n Chilena de F\u00fatbol) y Gerardo Martino (Inter de Miami)","breadcrumb":{"@id":"https:\/\/amilcarivanovic.es\/#breadcrumb"},"inLanguage":"en-US","potentialAction":[{"@type":"ReadAction","target":["https:\/\/amilcarivanovic.es\/"]}]},{"@type":"ImageObject","inLanguage":"en-US","@id":"https:\/\/amilcarivanovic.es\/#primaryimage","url":"https:\/\/amilcarivanovic.es\/wp-content\/uploads\/2026\/01\/FONDO.jpg","contentUrl":"https:\/\/amilcarivanovic.es\/wp-content\/uploads\/2026\/01\/FONDO.jpg","width":1911,"height":810},{"@type":"BreadcrumbList","@id":"https:\/\/amilcarivanovic.es\/#breadcrumb","itemListElement":[{"@type":"ListItem","position":1,"name":"Portada","item":"https:\/\/amilcarivanovic.es\/"},{"@type":"ListItem","position":2,"name":"amilcarivanovic.es"}]},{"@type":"WebSite","@id":"https:\/\/amilcarivanovic.es\/#website","url":"https:\/\/amilcarivanovic.es\/","name":"amilcarivanovic.es","description":"","publisher":{"@id":"https:\/\/amilcarivanovic.es\/#organization"},"potentialAction":[{"@type":"SearchAction","target":{"@type":"EntryPoint","urlTemplate":"https:\/\/amilcarivanovic.es\/?s={search_term_string}"},"query-input":{"@type":"PropertyValueSpecification","valueRequired":true,"valueName":"search_term_string"}}],"inLanguage":"en-US"},{"@type":"Organization","@id":"https:\/\/amilcarivanovic.es\/#organization","name":"amilcarivanovic.es","url":"https:\/\/amilcarivanovic.es\/","logo":{"@type":"ImageObject","inLanguage":"en-US","@id":"https:\/\/amilcarivanovic.es\/#\/schema\/logo\/image\/","url":"https:\/\/amilcarivanovic.es\/wp-content\/uploads\/2026\/01\/FONDO.jpg","contentUrl":"https:\/\/amilcarivanovic.es\/wp-content\/uploads\/2026\/01\/FONDO.jpg","width":1911,"height":810,"caption":"amilcarivanovic.es"},"image":{"@id":"https:\/\/amilcarivanovic.es\/#\/schema\/logo\/image\/"}}]}},"_links":{"self":[{"href":"https:\/\/amilcarivanovic.es\/index.php\/wp-json\/wp\/v2\/pages\/8446","targetHints":{"allow":["GET"]}}],"collection":[{"href":"https:\/\/amilcarivanovic.es\/index.php\/wp-json\/wp\/v2\/pages"}],"about":[{"href":"https:\/\/amilcarivanovic.es\/index.php\/wp-json\/wp\/v2\/types\/page"}],"author":[{"embeddable":true,"href":"https:\/\/amilcarivanovic.es\/index.php\/wp-json\/wp\/v2\/users\/1"}],"replies":[{"embeddable":true,"href":"https:\/\/amilcarivanovic.es\/index.php\/wp-json\/wp\/v2\/comments?post=8446"}],"version-history":[{"count":34,"href":"https:\/\/amilcarivanovic.es\/index.php\/wp-json\/wp\/v2\/pages\/8446\/revisions"}],"predecessor-version":[{"id":9447,"href":"https:\/\/amilcarivanovic.es\/index.php\/wp-json\/wp\/v2\/pages\/8446\/revisions\/9447"}],"wp:featuredmedia":[{"embeddable":true,"href":"https:\/\/amilcarivanovic.es\/index.php\/wp-json\/wp\/v2\/media\/9444"}],"wp:attachment":[{"href":"https:\/\/amilcarivanovic.es\/index.php\/wp-json\/wp\/v2\/media?parent=8446"}],"curies":[{"name":"wp","href":"https:\/\/api.w.org\/{rel}","templated":true}]}}